{"id":3015,"date":"2017-06-20T08:21:03","date_gmt":"2017-06-20T08:21:03","guid":{"rendered":"http:\/\/www.galerie-kunststuecke-muenchen.de\/?post_type=project&#038;p=3015"},"modified":"2025-03-17T15:26:20","modified_gmt":"2025-03-17T15:26:20","slug":"didier-lourenco","status":"publish","type":"project","link":"https:\/\/www.galerie-kunststuecke-muenchen.de\/?project=didier-lourenco","title":{"rendered":"DIDIER LOUREN\u00c7O"},"content":{"rendered":"\n[et_pb_section fb_built=&#8220;1&#8243; _builder_version=&#8220;4.16&#8243; global_colors_info=&#8220;{}&#8220;][et_pb_row column_structure=&#8220;1_2,1_2&#8243; _builder_version=&#8220;4.16&#8243; background_size=&#8220;initial&#8220; background_position=&#8220;top_left&#8220; background_repeat=&#8220;repeat&#8220; global_colors_info=&#8220;{}&#8220;][et_pb_column type=&#8220;1_2&#8243; _builder_version=&#8220;4.16&#8243; custom_padding=&#8220;|||&#8220; global_colors_info=&#8220;{}&#8220; custom_padding__hover=&#8220;|||&#8220;][et_pb_image src=&#8220;https:\/\/www.galerie-kunststuecke-muenchen.de\/wp-content\/uploads\/2017\/06\/didier.jpg&#8220; align_tablet=&#8220;center&#8220; align_phone=&#8220;&#8220; align_last_edited=&#8220;on|desktop&#8220; _builder_version=&#8220;4.16&#8243; animation_style=&#8220;slide&#8220; animation_direction=&#8220;left&#8220; animation_duration=&#8220;500ms&#8220; animation_intensity_slide=&#8220;10%&#8220; sticky=&#8220;off&#8220; border_style=&#8220;solid&#8220; always_center_on_mobile=&#8220;on&#8220; global_colors_info=&#8220;{}&#8220;][\/et_pb_image][et_pb_image src=&#8220;https:\/\/www.galerie-kunststuecke-muenchen.de\/wp-content\/uploads\/2018\/02\/P1050446-1.jpg&#8220; align_tablet=&#8220;center&#8220; align_phone=&#8220;&#8220; align_last_edited=&#8220;on|desktop&#8220; _builder_version=&#8220;4.16&#8243; animation_style=&#8220;slide&#8220; animation_direction=&#8220;left&#8220; animation_duration=&#8220;500ms&#8220; animation_intensity_slide=&#8220;10%&#8220; sticky=&#8220;off&#8220; border_style=&#8220;solid&#8220; always_center_on_mobile=&#8220;on&#8220; global_colors_info=&#8220;{}&#8220;][\/et_pb_image][et_pb_image src=&#8220;https:\/\/www.galerie-kunststuecke-muenchen.de\/wp-content\/uploads\/2017\/06\/didier_2.jpg&#8220; align_tablet=&#8220;center&#8220; align_phone=&#8220;&#8220; align_last_edited=&#8220;on|desktop&#8220; _builder_version=&#8220;4.16&#8243; animation_style=&#8220;slide&#8220; animation_direction=&#8220;left&#8220; animation_duration=&#8220;500ms&#8220; animation_intensity_slide=&#8220;10%&#8220; sticky=&#8220;off&#8220; border_style=&#8220;solid&#8220; always_center_on_mobile=&#8220;on&#8220; global_colors_info=&#8220;{}&#8220;][\/et_pb_image][et_pb_image src=&#8220;https:\/\/www.galerie-kunststuecke-muenchen.de\/wp-content\/uploads\/2018\/08\/IMG_3447-copia.jpg&#8220; align_tablet=&#8220;center&#8220; align_phone=&#8220;&#8220; align_last_edited=&#8220;on|desktop&#8220; _builder_version=&#8220;4.16&#8243; animation_style=&#8220;slide&#8220; animation_direction=&#8220;left&#8220; animation_duration=&#8220;500ms&#8220; animation_intensity_slide=&#8220;10%&#8220; sticky=&#8220;off&#8220; border_style=&#8220;solid&#8220; always_center_on_mobile=&#8220;on&#8220; global_colors_info=&#8220;{}&#8220;][\/et_pb_image][et_pb_image src=&#8220;https:\/\/www.galerie-kunststuecke-muenchen.de\/wp-content\/uploads\/2017\/06\/Pinnwand.jpg&#8220; align_tablet=&#8220;center&#8220; align_phone=&#8220;&#8220; align_last_edited=&#8220;on|desktop&#8220; _builder_version=&#8220;4.16&#8243; animation_style=&#8220;slide&#8220; animation_direction=&#8220;left&#8220; animation_duration=&#8220;500ms&#8220; animation_intensity_slide=&#8220;10%&#8220; sticky=&#8220;off&#8220; border_style=&#8220;solid&#8220; always_center_on_mobile=&#8220;on&#8220; global_colors_info=&#8220;{}&#8220;][\/et_pb_image][et_pb_image src=&#8220;https:\/\/www.galerie-kunststuecke-muenchen.de\/wp-content\/uploads\/2022\/07\/20220628_171830_2-scaled.jpg&#8220; title_text=&#8220;20220628_171830_2&#8243; _builder_version=&#8220;4.17.4&#8243; _module_preset=&#8220;default&#8220; global_colors_info=&#8220;{}&#8220;][\/et_pb_image][et_pb_video src=&#8220;https:\/\/www.galerie-kunststuecke-muenchen.de\/wp-content\/uploads\/2017\/06\/Lourenco-Vorschau.mp4&#8243; _builder_version=&#8220;4.16&#8243; global_colors_info=&#8220;{}&#8220;][\/et_pb_video][et_pb_image src=&#8220;https:\/\/www.galerie-kunststuecke-muenchen.de\/wp-content\/uploads\/2023\/08\/IMG-20230416-WA0028.jpg&#8220; title_text=&#8220;IMG-20230416-WA0028&#8243; align_tablet=&#8220;center&#8220; align_phone=&#8220;&#8220; align_last_edited=&#8220;on|desktop&#8220; _builder_version=&#8220;4.17.4&#8243; animation_style=&#8220;slide&#8220; animation_direction=&#8220;left&#8220; animation_duration=&#8220;500ms&#8220; animation_intensity_slide=&#8220;10%&#8220; sticky=&#8220;off&#8220; border_style=&#8220;solid&#8220; always_center_on_mobile=&#8220;on&#8220; global_colors_info=&#8220;{}&#8220;][\/et_pb_image][et_pb_image src=&#8220;https:\/\/www.galerie-kunststuecke-muenchen.de\/wp-content\/uploads\/2023\/08\/IMG-20230416-WA0029.jpg&#8220; title_text=&#8220;IMG-20230416-WA0029&#8243; _builder_version=&#8220;4.17.4&#8243; _module_preset=&#8220;default&#8220; global_colors_info=&#8220;{}&#8220;][\/et_pb_image][et_pb_image src=&#8220;https:\/\/www.galerie-kunststuecke-muenchen.de\/wp-content\/uploads\/2022\/07\/B08TFS85NV.01._SCLZZZZZZZ_SX500_.jpg&#8220; title_text=&#8220;B08TFS85NV.01._SCLZZZZZZZ_SX500_&#8220; _builder_version=&#8220;4.17.4&#8243; _module_preset=&#8220;default&#8220; global_colors_info=&#8220;{}&#8220;][\/et_pb_image][\/et_pb_column][et_pb_column type=&#8220;1_2&#8243; _builder_version=&#8220;4.16&#8243; custom_padding=&#8220;|||&#8220; global_colors_info=&#8220;{}&#8220; custom_padding__hover=&#8220;|||&#8220;][et_pb_text _builder_version=&#8220;4.16&#8243; custom_padding=&#8220;||2px|||&#8220; border_style=&#8220;solid&#8220; global_colors_info=&#8220;{}&#8220;]<h1>DIDIER LOUREN\u00c7O<\/h1>\n<p>Der spanische K\u00fcnstler Didier Louren\u00e7o (1968-2023) stammt aus Premi\u00e0 de Mar, einem kleinen Ort unweit von Barcelona.<br \/>Im Alter von 19 Jahren erlernte er im Atelier seines Vaters Fulvio die Kunst der Lithographie. Kurz darauf richtete sich Didier in der v\u00e4terlichen Werkstatt eine eigene Mal-Ecke ein, wo er fortan mit \u00d6lfarben auf Leinwand und Papier experimentierte. Als Broterwerb druckte er Lithographien f\u00fcr namhafte katalanische K\u00fcnstler der sp\u00e4ten 80er und fr\u00fchen 90er \u2013 wie z.B. Joseph Maria Subirachs, Francesc Artigau, Josep Pla-Narbona, Josep Guinovart, Jordi Alum\u00e0 oder Rafael Bartolozzi Lozano. Gepr\u00e4gt vom Stil und K\u00f6nnen dieser K\u00fcnstler entwickelte Louren\u00e7o seine ganz eigene k\u00fcnstlerische Handschrift und pr\u00e4sentierte bereits 1988 seine erste Solo-Ausstellung mit Lithographien und Leinw\u00e4nden.<br \/>Im Jahr 1991 gewann Louren\u00e7o mit seinen Arbeiten den \u201eBanc Sabadell Prize\u201c (\u201cSala Par\u00e9s Young Painters Contest\u201c), einen wichtigen Preis f\u00fcr junge spanische Talente. Die Auszeichnung erm\u00f6glichte ihm bereits mit 23 Jahren die Teilnahme an einer Gruppenausstellung mit dem Titel: \u201c7 New Realities\u201d in Sala Vayreda in Barcelona. Diese Ausstellung markiert bis heute einen wichtigen Meilenstein in der Karriere des heute 50-j\u00e4hrigen K\u00fcnstlers, eroberten seine Bilder doch rasend schnell eine Fangemeinde und es folgten viele Solo-Ausstellungen in Kunstgalerien in ganz Katalonien, Madrid und Valencia \u2013 und bald auch in ganz Spanien.<br \/>1995 zog Didier Louren\u00e7o in sein eigenes Studio, wo er in erster Linie malte, aber auch seine Leidenschaft der Lithographie verfolgt. Im Jahr 2000 wurde schlie\u00dflich Winn-Devon, ein kanadischer Verleger von Druckerzeugnissen, auf das Werk von Didier Louren\u00e7o aufmerksam und vermarktete seine Bilder weltweit. Diese globale Pr\u00e4senz zog wiederum das weltweite Interesse von Galerien nach sich, die seine Originalgem\u00e4lde weltweit ausstellen wollten. Louren\u00e7os Bilder h\u00e4ngen mittlerweile u.a. in Galerien in New York, Seattle, Los Angeles, New Orleans, Nashville, Las Vegas, Miami, Atlanta, Hongkong, S\u00fcdafrika, Puerto Rico und Singapur. In Deutschland vertritt die GALERIE KUNSTST\u00dcCKE M\u00dcNCHEN den spanischen K\u00fcnstler exklusiv.<\/p>\n<p>In <span lang=\"ES\" style=\"margin: 0px; color: #777777; font-family: Arial, sans-serif; font-size: 11.5pt;\">the last few years\u00a0<span style=\"float: none; background-color: transparent; color: #666666; cursor: text; font-family: 'Open Sans', Arial, sans-serif; font-size: 14px; font-variant: normal; letter-spacing: normal; orphans: 2; text-align: left; text-indent: 0px; text-transform: none; -webkit-text-stroke-width: 0px; white-space: normal; word-spacing: 0px; display: inline !important;\">Didier Louren\u00e7os<\/span> artworks have undergone a process of synthesis and reduction of narrative. This has made room for the emergence of a range of topics focused on the human being and its existence. Simultaneously his production has been arranged in series which allow the exploration of specific concepts through variations and new developments. For example, in the series Walkers and Bicycles, which the exhibition at GALERIE KUNSTST\u00dcCKE shows, the depiction of people going to and from, address issues such as anonymity, communication or loneliness along with movement. But the atmosphere of the show in GALERIE KUNSTST\u00dcCKE is also set by two new series, Neighbours and Invisibles, which broaden the area of attention with insights into the idea of private and public life as well as the part that gaze plays in relating to others.<br \/>Neighbours expands the customary repertoire of intimate artworks to present a domain that goes beyond the inhabited room. The artist introduces absurd situations as fishing in a fish bowl, hovering above the bed or having a peacock in the house, as well as outdoor activities. For example enjoying being on a swing or playing tennis, next to ordinary home related situations. By depicting them side by side he is appealing for imagination, reverie and poetry to be part of everyday life. Furthermore, he establishes a link between indoors and outdoors that echoes in the double meaning of some furniture fittings as the shower-rain and the lamp-sun or lamp-moon. By doing so the pictures turn into metaphors of the personal sphere built on each one\u2019s choices, likes and interests, which is the shelter where we recharge our batteries. Another feature that underlines the private character of these scenes is achieved through the framing of the compositions, which places the painter-spectator as an outsider, a voyeur dishonestly looking at what happens inside the rooms.<br \/>In the Invisible series, the relationship with the place we live is translated through the repetition of a decorative pattern that defines both the figure and the room where the woman is dwelling. It prompts a game, where one could read that she feels closely identified with her own place or, on the contrary, is disorientated. Thus, it is inviting us to think about individual expression, fashion or alienation. However, a key trait of these paintings is the fact that these women maintain eye contact with the spectator, which puts them in a different situation than the one found in Neighbours. That is, they are aware of being watched and consequently they do not act spontaneously, rather they pose with chosen objects. Therefore, one could argue that the purpose of the patterns and pets could be to show themselves in a chosen manner as much as a type of disguise, as a means of offering a seductive image as much as protecting their intimate world from the gaze of a stranger.<br \/>The last set of paintings in this exhibition is Brooklyn that resumes <span style=\"float: none; background-color: transparent; color: #666666; cursor: text; font-family: 'Open Sans', Arial, sans-serif; font-size: 14px; font-variant: normal; letter-spacing: normal; orphans: 2; text-align: left; text-indent: 0px; text-transform: none; -webkit-text-stroke-width: 0px; white-space: normal; word-spacing: 0px; display: inline !important;\">Didier Louren\u00e7os<\/span> interest in describing a universal face. One of his areas of work during the last decade has been the female countenance that has undergone a progressive synthesis resulting in profiles combining different features. Now, the Brooklyn visages underline the ethnic richness through the breaking down of colour in facets. And not without symbolic meaning, this new inclusion supports the redoing of the overall portrait of the human being.<\/span><\/p>\n<p><span lang=\"ES\" style=\"margin: 0px; color: #777777; font-family: Arial, sans-serif; font-size: 11.5pt;\">(Text: based on a text from Helena Battle)<\/span><\/p>[\/et_pb_text][et_pb_blurb title=&#8220;STATIONEN&#8220; image_icon_width=&#8220;none&#8220; _builder_version=&#8220;4.16&#8243; border_style=&#8220;solid&#8220; image_max_width=&#8220;none&#8220; global_colors_info=&#8220;{}&#8220;]<ul>\n<li>imJi1968 geboren in Premi\u00e0 de Mar<\/li>\n<li>seit 1978 Mitarbeit im Lithographie-Studio des Vaters<\/li>\n<li>1991 Banc Sabadell Prize im Wettbewerb &#8222;Sala Par\u00e9s Young Painters&#8220;<\/li>\n<li>ab dieser Zeit viele Ausstellungen in Katalonien und in ganz Spanien<\/li>\n<li>1995 Umzug ins eigene Atelier<\/li>\n<li>2000 Winn-Devon, der gr\u00f6\u00dfte Poster-H\u00e4ndler weltweit, publiziert einige seiner Werke und verschafft ihm so internationale Aufmerksamkeit; Galerien und Agenten weltweit werden auf ihn aufmerksam, Didier ist auf dem internationalen Kunstmarkt angekommen<\/li>\n<li>seither Solo- und Gruppenausstellungen in New York, Seattle, Los Angeles, Las Vegas, Miami, Atlanta, Hongkong, Puerto Rico, New Orleans, Nashville, S\u00fcdafrika, Singapur und nun auch in M\u00fcnchen<span style=\"color: #b00000; font-family: 'Times New Roman',serif;\">\u00a0<\/span><\/li>\n<li>2022 Buchcover f\u00fcr &#8222;TAND\u00c8M&#8220; von Maria Barbal<span style=\"color: #b00000; font-family: 'Times New Roman',serif;\"><\/span><\/li>\n<li>April 2023 Kooperation mit der Keksfirma TRIAS (cookie tin)<span style=\"color: #b00000; font-family: 'Times New Roman',serif;\"><\/span><\/li>\n<li>Im Juli 2023 gestorben in Barcelona<span style=\"color: #b00000; font-family: 'Times New Roman',serif;\"><\/span><\/li>\n<\/ul>[\/et_pb_blurb][et_pb_image src=&#8220;https:\/\/www.galerie-kunststuecke-muenchen.de\/wp-content\/uploads\/2023\/08\/didier-lourenco.jpg&#8220; title_text=&#8220;didier-lourenco&#8220; _builder_version=&#8220;4.17.4&#8243; _module_preset=&#8220;default&#8220; global_colors_info=&#8220;{}&#8220;][\/et_pb_image][et_pb_image src=&#8220;https:\/\/www.galerie-kunststuecke-muenchen.de\/wp-content\/uploads\/2023\/08\/Didier-Lourenco-www.kaifineart.com-37.jpg&#8220; _builder_version=&#8220;4.17.4&#8243; _module_preset=&#8220;default&#8220; hover_enabled=&#8220;0&#8243; global_colors_info=&#8220;{}&#8220; title_text=&#8220;Didier Louren\u00e7o-www.kaifineart.com-37&#8243; sticky_enabled=&#8220;0&#8243;][\/et_pb_image][\/et_pb_column][\/et_pb_row][et_pb_row _builder_version=&#8220;4.17.4&#8243; background_size=&#8220;initial&#8220; background_position=&#8220;top_left&#8220; background_repeat=&#8220;repeat&#8220; global_colors_info=&#8220;{}&#8220;][et_pb_column type=&#8220;4_4&#8243; _builder_version=&#8220;4.16&#8243; custom_padding=&#8220;|||&#8220; global_colors_info=&#8220;{}&#8220; custom_padding__hover=&#8220;|||&#8220;][et_pb_gallery gallery_ids=&#8220;7922,8520,7924,7925,7929,5899,7932,5903,7931,7933,7934,5900,7935,8513,5902,8523,7930,7936,8535&#8243; posts_number=&#8220;100&#8243; show_title_and_caption=&#8220;off&#8220; show_pagination=&#8220;off&#8220; _builder_version=&#8220;4.17.4&#8243; border_style=&#8220;solid&#8220; global_colors_info=&#8220;{}&#8220;][\/et_pb_gallery][\/et_pb_column][\/et_pb_row][\/et_pb_section]\n","protected":false},"excerpt":{"rendered":"<p>DIDIER LOUREN\u00c7O Der spanische K\u00fcnstler Didier Louren\u00e7o (1968-2023) stammt aus Premi\u00e0 de Mar, einem kleinen Ort unweit von Barcelona.Im Alter von 19 Jahren erlernte er im Atelier seines Vaters Fulvio die Kunst der Lithographie. Kurz darauf richtete sich Didier in der v\u00e4terlichen Werkstatt eine eigene Mal-Ecke ein, wo er fortan mit \u00d6lfarben auf Leinwand und [&hellip;]<\/p>\n","protected":false},"author":8,"featured_media":4049,"comment_status":"open","ping_status":"closed","template":"","meta":{"_et_pb_use_builder":"on","_et_pb_old_content":"<p>[et_pb_section bb_built=\"1\"][et_pb_row][et_pb_column type=\"1_2\"][et_pb_image _builder_version=\"3.0.59\" show_in_lightbox=\"off\" url_new_window=\"off\" use_overlay=\"off\" sticky=\"off\" align=\"left\" always_center_on_mobile=\"on\" border_style=\"solid\" force_fullwidth=\"off\" \/][\/et_pb_column][et_pb_column type=\"1_2\"][et_pb_text _builder_version=\"3.0.59\" background_layout=\"light\" text_orientation=\"left\" border_style=\"solid\" \/][et_pb_blurb _builder_version=\"3.0.59\" url_new_window=\"off\" use_icon=\"off\" use_circle=\"off\" use_circle_border=\"off\" icon_placement=\"top\" use_icon_font_size=\"off\" background_layout=\"light\" border_style=\"solid\" animation=\"top\" \/][\/et_pb_column][\/et_pb_row][et_pb_row][et_pb_column type=\"4_4\"][et_pb_gallery _builder_version=\"3.0.59\" show_title_and_caption=\"on\" show_pagination=\"on\" fullwidth=\"off\" orientation=\"landscape\" zoom_icon_color=\"#8c8c8c\" hover_overlay_color=\"rgba(237,237,237,0.72)\" background_layout=\"light\" border_style=\"solid\" auto=\"off\" \/][\/et_pb_column][\/et_pb_row][\/et_pb_section]<\/p>","_et_gb_content_width":"","_monsterinsights_skip_tracking":false,"_monsterinsights_sitenote_active":false,"_monsterinsights_sitenote_note":"","_monsterinsights_sitenote_category":0,"footnotes":""},"project_category":[32],"project_tag":[],"class_list":["post-3015","project","type-project","status-publish","has-post-thumbnail","hentry","project_category-malerei"],"_links":{"self":[{"href":"https:\/\/www.galerie-kunststuecke-muenchen.de\/index.php?rest_route=\/wp\/v2\/project\/3015","targetHints":{"allow":["GET"]}}],"collection":[{"href":"https:\/\/www.galerie-kunststuecke-muenchen.de\/index.php?rest_route=\/wp\/v2\/project"}],"about":[{"href":"https:\/\/www.galerie-kunststuecke-muenchen.de\/index.php?rest_route=\/wp\/v2\/types\/project"}],"author":[{"embeddable":true,"href":"https:\/\/www.galerie-kunststuecke-muenchen.de\/index.php?rest_route=\/wp\/v2\/users\/8"}],"replies":[{"embeddable":true,"href":"https:\/\/www.galerie-kunststuecke-muenchen.de\/index.php?rest_route=%2Fwp%2Fv2%2Fcomments&post=3015"}],"version-history":[{"count":51,"href":"https:\/\/www.galerie-kunststuecke-muenchen.de\/index.php?rest_route=\/wp\/v2\/project\/3015\/revisions"}],"predecessor-version":[{"id":9539,"href":"https:\/\/www.galerie-kunststuecke-muenchen.de\/index.php?rest_route=\/wp\/v2\/project\/3015\/revisions\/9539"}],"wp:featuredmedia":[{"embeddable":true,"href":"https:\/\/www.galerie-kunststuecke-muenchen.de\/index.php?rest_route=\/wp\/v2\/media\/4049"}],"wp:attachment":[{"href":"https:\/\/www.galerie-kunststuecke-muenchen.de\/index.php?rest_route=%2Fwp%2Fv2%2Fmedia&parent=3015"}],"wp:term":[{"taxonomy":"project_category","embeddable":true,"href":"https:\/\/www.galerie-kunststuecke-muenchen.de\/index.php?rest_route=%2Fwp%2Fv2%2Fproject_category&post=3015"},{"taxonomy":"project_tag","embeddable":true,"href":"https:\/\/www.galerie-kunststuecke-muenchen.de\/index.php?rest_route=%2Fwp%2Fv2%2Fproject_tag&post=3015"}],"curies":[{"name":"wp","href":"https:\/\/api.w.org\/{rel}","templated":true}]}}