{"id":4708,"date":"2017-06-20T09:45:53","date_gmt":"2017-06-20T09:45:53","guid":{"rendered":"https:\/\/www.galerie-kunststuecke-muenchen.de\/?post_type=project&#038;p=4708"},"modified":"2025-03-17T17:34:54","modified_gmt":"2025-03-17T17:34:54","slug":"uwe-langmann","status":"publish","type":"project","link":"https:\/\/www.galerie-kunststuecke-muenchen.de\/?project=uwe-langmann","title":{"rendered":"UWE LANGMANN"},"content":{"rendered":"\n[et_pb_section fb_built=&#8220;1&#8243; _builder_version=&#8220;4.16&#8243; global_colors_info=&#8220;{}&#8220;][et_pb_row column_structure=&#8220;1_2,1_2&#8243; _builder_version=&#8220;4.16&#8243; background_size=&#8220;initial&#8220; background_position=&#8220;top_left&#8220; background_repeat=&#8220;repeat&#8220; global_colors_info=&#8220;{}&#8220;][et_pb_column type=&#8220;1_2&#8243; _builder_version=&#8220;4.16&#8243; custom_padding=&#8220;|||&#8220; global_colors_info=&#8220;{}&#8220; custom_padding__hover=&#8220;|||&#8220;][et_pb_image src=&#8220;https:\/\/www.galerie-kunststuecke-muenchen.de\/wp-content\/uploads\/2020\/02\/port_uwe-2.jpg&#8220; align_tablet=&#8220;center&#8220; align_phone=&#8220;&#8220; align_last_edited=&#8220;on|desktop&#8220; _builder_version=&#8220;4.16&#8243; animation_style=&#8220;slide&#8220; animation_direction=&#8220;left&#8220; animation_duration=&#8220;500ms&#8220; animation_intensity_slide=&#8220;10%&#8220; sticky=&#8220;off&#8220; border_style=&#8220;solid&#8220; always_center_on_mobile=&#8220;on&#8220; global_colors_info=&#8220;{}&#8220;][\/et_pb_image][et_pb_image src=&#8220;https:\/\/www.galerie-kunststuecke-muenchen.de\/wp-content\/uploads\/2022\/09\/2022-Icebreaker.jpg&#8220; title_text=&#8220;2022 &#8211; Icebreaker&#8220; align_tablet=&#8220;center&#8220; align_phone=&#8220;&#8220; align_last_edited=&#8220;on|desktop&#8220; _builder_version=&#8220;4.17.4&#8243; animation_style=&#8220;slide&#8220; animation_direction=&#8220;left&#8220; animation_duration=&#8220;500ms&#8220; animation_intensity_slide=&#8220;10%&#8220; hover_enabled=&#8220;0&#8243; sticky=&#8220;off&#8220; border_style=&#8220;solid&#8220; always_center_on_mobile=&#8220;on&#8220; global_colors_info=&#8220;{}&#8220; sticky_enabled=&#8220;0&#8243;][\/et_pb_image][et_pb_image src=&#8220;https:\/\/www.galerie-kunststuecke-muenchen.de\/wp-content\/uploads\/2017\/06\/2019-A-Flock-of-Sheep.jpg&#8220; align_tablet=&#8220;center&#8220; align_phone=&#8220;&#8220; align_last_edited=&#8220;on|desktop&#8220; _builder_version=&#8220;4.16&#8243; animation_style=&#8220;slide&#8220; animation_direction=&#8220;left&#8220; animation_duration=&#8220;500ms&#8220; animation_intensity_slide=&#8220;10%&#8220; sticky=&#8220;off&#8220; border_style=&#8220;solid&#8220; always_center_on_mobile=&#8220;on&#8220; global_colors_info=&#8220;{}&#8220;][\/et_pb_image][et_pb_image src=&#8220;https:\/\/www.galerie-kunststuecke-muenchen.de\/wp-content\/uploads\/2020\/02\/2019-Counting-Sheep.jpg&#8220; align_tablet=&#8220;center&#8220; align_phone=&#8220;&#8220; align_last_edited=&#8220;on|desktop&#8220; _builder_version=&#8220;4.16&#8243; animation_style=&#8220;slide&#8220; animation_direction=&#8220;left&#8220; animation_duration=&#8220;500ms&#8220; animation_intensity_slide=&#8220;10%&#8220; sticky=&#8220;off&#8220; border_style=&#8220;solid&#8220; always_center_on_mobile=&#8220;on&#8220; global_colors_info=&#8220;{}&#8220;][\/et_pb_image][et_pb_image src=&#8220;https:\/\/www.galerie-kunststuecke-muenchen.de\/wp-content\/uploads\/2017\/06\/2020-Winter-Birches.jpg&#8220; align_tablet=&#8220;center&#8220; align_phone=&#8220;&#8220; align_last_edited=&#8220;on|desktop&#8220; _builder_version=&#8220;4.16&#8243; animation_style=&#8220;slide&#8220; animation_direction=&#8220;left&#8220; animation_duration=&#8220;500ms&#8220; animation_intensity_slide=&#8220;10%&#8220; sticky=&#8220;off&#8220; border_style=&#8220;solid&#8220; always_center_on_mobile=&#8220;on&#8220; global_colors_info=&#8220;{}&#8220;][\/et_pb_image][\/et_pb_column][et_pb_column type=&#8220;1_2&#8243; _builder_version=&#8220;4.16&#8243; custom_padding=&#8220;|||&#8220; global_colors_info=&#8220;{}&#8220; custom_padding__hover=&#8220;|||&#8220;][et_pb_text _builder_version=&#8220;4.16&#8243; border_style=&#8220;solid&#8220; global_colors_info=&#8220;{}&#8220;]<h1>UWE LANGMANN<\/h1>\r\nist ein Fotograf der Extraklasse: der 1985 geborene Schwabe lichtet Landschaften und Menschen nicht einfach nur ab, er interpretiert sie. Er nutzt ein klassisches Mittel der Fotografie, die lange Belichtungszeit, um sichtbar zu machen, was \u00fcber die einfache Momentaufnahme hinausgeht. Seine Fotografien sind daher fast wei\u00df monochrom und wirken wie Aquarell-Malerei.\r\n\r\n\u201eIch benutze mehr Zeit, um die Zeit zu entschleunigen\u201c, erl\u00e4utert Uwe Langmann seine Technik. Dabei wird die Blende der Kamera l\u00e4nger als gew\u00f6hnlich ge\u00f6ffnet. \u201eAlles, was w\u00e4hrend der Aufnahme nicht stillsteht, verschwimmt, verschwindet oder es sind nur noch Spuren davon zu sehen. So bekommen die Bilder einen sehr viel ruhigeren, klareren Ausdruck.\u201c\r\n\r\nDie Wellen des Meeres verschwinden, ebenso die Linien im Wei\u00df verschneiter Felder. Das Wei\u00df wirkt deshalb so makellos, weil das Kameraauge es als Licht wahrnimmt. Je l\u00e4nger das Objektiv belichtet, desto st\u00e4rker fokussiert es sich auf das Licht, das jedes Objekt ausstrahlt. Diese Konzentration wird noch weiter verst\u00e4rkt, durch die Positionierung des Objektes in der Bildmitte und die Zweiteilung der Bilder durch die Horizontlinie.\r\n\r\nSeine k\u00fcnstlerische Karriere begann Uwe Langmann 2007 als Regisseur von Kurz- und Dokumentarfilmen. Nachdem einer seiner Kurzfilme 2009 bei den Filmfestspielen in Cannes gezeigt wurde, wollte er einen Spielfilm drehen. Daf\u00fcr schoss er viele Fotos von den Drehorten und jeder, der die Fotos sah, fand sie gro\u00dfartig. Der Film wurde nie gedreht und er wurde stattdessen Fotograf. Seit Anfang 2010 widmet er sich intensiv der Fotografie.\r\n\r\nSeine signierten und betitelten Fotografien (limited Edition fineart prints on matt cotton paper) sind in drei verschiedenen Gr\u00f6\u00dfen erh\u00e4ltlich. In der Gr\u00f6\u00dfe 18 cm x 14,4 cm kosten sie inklusive der hochwertigen Magnet-Rahmen (25 cm x 31 cm) 290.- Euro, in der Gr\u00f6\u00dfe 50 cm x 40 cm (Rahmen 60 cm x 50 cm) 950.- Euro und in der Gr\u00f6\u00dfe 100 cm x 80 cm gerahmt (100 cm x 120 cm) liegt der Preis bei 2400.- Euro. Die Auflagen sind limitiert, die kleinste Gr\u00f6\u00dfe hat eine Auflage von 30 (+ 3 artist proofs), die mittlere Gr\u00f6\u00dfe eine Auflage von 15 (+ 1 artist proof) und die Gr\u00f6\u00dfe 100 cm x 80 cm eine Auflage von 3 (Ed. 3 + 1) Exemplaren.\r\nF\u00fcr alle Bilder, die von Januar 2020 an entstanden sind, hat der K\u00fcnstler die Edition in der Gr\u00f6\u00dfe 100 cm x 120 cm auf 6+1 erh\u00f6ht.\r[\/et_pb_text][et_pb_blurb title=&#8220;AUSZEICHNUNGEN&#8220; image_icon_width=&#8220;none&#8220; _builder_version=&#8220;4.17.4&#8243; hover_enabled=&#8220;0&#8243; border_style=&#8220;solid&#8220; image_max_width=&#8220;none&#8220; global_colors_info=&#8220;{}&#8220; sticky_enabled=&#8220;0&#8243;]<p>2019 \u2013 Aesthetica Art Prize, London, Longlisted<br \/>2017 \u2013 Moscow International Photography Awards: Gold Award<br \/>2017 \u2013 Px3 de la Paris \u2013 Silver Award<br \/>2013 \u2013 Px3 de la Paris \u2013 Silver Award<br \/>2013 \u2013 Black &amp; White Zebra Awards \u2013 Gold Award, Grand Winner<br \/>2013 \u2013 OneEyeland Awards \u2013 Gold Award, Photographer of the Year<br \/>2022 &#8211; <span>Prix de la Photographie, <\/span><em>Paris<\/em><span>\u00a0(<\/span><em>Px3<\/em><span>) &#8211; Bronze Award (Foto &#8222;Icebreaker&#8220;)<\/span><\/p>[\/et_pb_blurb][et_pb_blurb title=&#8220;EINZELAUSSTELLUNGEN (Auswahl)&#8220; image_icon_width=&#8220;none&#8220; _builder_version=&#8220;4.16&#8243; border_style=&#8220;solid&#8220; image_max_width=&#8220;none&#8220; global_colors_info=&#8220;{}&#8220;]&nbsp;\r\n<ul>\r\n \t<li>2020\u00a0 &#8222;Zuhause. Unterwegs. Sein.&#8220;, Galerie Kunstst\u00fccke M\u00fcnchen<\/li>\r\n \t<li>2019\u00a0 Fotografie, Galerie Schrade, Schlo\u00df Mochental<\/li>\r\n \t<li>2018\u00a0 Kontrapunkt, Galerie St\u00f6ckle Hauser, Stuttgart<\/li>\r\n \t<li>2018\u00a0 Formen der Stille, Galerie Kirstin K\u00f6llner, Memmingen<\/li>\r\n \t<li>2017\u00a0 Silent Light, Carpentier Galerie, Berlin<\/li>\r\n \t<li>2016\u00a0 Fragments of Time, Stiftung S-BC Pro Arte, Biberach<\/li>\r\n \t<li>2014\u00a0 Written in Water, Galerie Edition Camos, M\u00fcnchen<\/li>\r\n \t<li>2013\u00a0 Zeit R\u00e4ume, Fotogalerie Potsdam, Potsdam<\/li>\r\n \t<li>2012\u00a0 Stilles Wei\u00df, Brummendes Schwarz, artROOM, Konstanz<\/li>\r\n \t<li>2011\u00a0 Fluchtpunkte, Antoniermuseum, Memmingen<\/li>\r\n<\/ul>\r[\/et_pb_blurb][et_pb_blurb title=&#8220;GRUPPENAUSSTELLUNGEN (Auswahl)&#8220; image_icon_width=&#8220;none&#8220; _builder_version=&#8220;4.16&#8243; border_style=&#8220;solid&#8220; image_max_width=&#8220;none&#8220; global_colors_info=&#8220;{}&#8220;]<ul>\r\n \t<li>2019 \u00a0Sublimations, Voies Off, Arles<\/li>\r\n \t<li>2019 \u00a0Sublimations, Fondazione Luciana Matalon, Milano<\/li>\r\n \t<li>2019 \u00a0Colors, \u00c6r\u00f8 Kunsthal, Museum for modern Art, \u00c6r\u00f8sk\u00f8bing<\/li>\r\n \t<li>2018 \u00a0Wei\u00df \/ White, Schloss Tiengen, Waldshut-Tiengen<\/li>\r\n \t<li>2018 \u00a0Salon Nr. 2, Galerie Christine Knauber, Berlin<\/li>\r\n \t<li>2017 \u00a039. Ostallg\u00e4uer Kunstausstellung, Marktoberdorf<\/li>\r\n \t<li>2017 \u00a0Tag der offenen Ateliers, Galerie M, Potsdam<\/li>\r\n \t<li>2016\u00a0 Collect Now!, Art Priori, Mannheim<\/li>\r\n \t<li>2014\u00a0 Kunstnacht 2014, artROOM, Konstanz<\/li>\r\n \t<li>2012 \u00a0Small Garden \u2013 Orticola di Lombardi, Mailand<\/li>\r\n \t<li>2012 \u00a0Black Box Gallery, Color: The Visual Spectrum, Portland<\/li>\r\n \t<li>2011 \u00a0A Smith Gallery, Simplicity Exhibition, Texas<\/li>\r\n<\/ul>\r\nhttps:\/\/www.youtube.com\/watch?v=fbbRwsuF3Y4\r[\/et_pb_blurb][\/et_pb_column][\/et_pb_row][et_pb_row _builder_version=&#8220;4.16&#8243; background_size=&#8220;initial&#8220; background_position=&#8220;top_left&#8220; background_repeat=&#8220;repeat&#8220; global_colors_info=&#8220;{}&#8220;][et_pb_column type=&#8220;4_4&#8243; _builder_version=&#8220;4.16&#8243; custom_padding=&#8220;|||&#8220; global_colors_info=&#8220;{}&#8220; custom_padding__hover=&#8220;|||&#8220;][et_pb_gallery gallery_ids=&#8220;5152,5153,5151,5150,5149,5148,5147,7899,5305,5321,5303,5304,5306,5310,5311,5313,5315,5316,5322,5317,5318,5323,5320,7883,7884,7885,7886,7887,7888,7889,7895,7890,7891,7892,7893,7894,7896,7897&#8243; posts_number=&#8220;50&#8243; show_title_and_caption=&#8220;off&#8220; show_pagination=&#8220;off&#8220; _builder_version=&#8220;4.17.4&#8243; hover_enabled=&#8220;0&#8243; border_style=&#8220;solid&#8220; global_colors_info=&#8220;{}&#8220; sticky_enabled=&#8220;0&#8243;][\/et_pb_gallery][\/et_pb_column][\/et_pb_row][\/et_pb_section]\n","protected":false},"excerpt":{"rendered":"<p>UWE LANGMANN ist ein Fotograf der Extraklasse: der 1985 geborene Schwabe lichtet Landschaften und Menschen nicht einfach nur ab, er interpretiert sie. Er nutzt ein klassisches Mittel der Fotografie, die lange Belichtungszeit, um sichtbar zu machen, was \u00fcber die einfache Momentaufnahme hinausgeht. Seine Fotografien sind daher fast wei\u00df monochrom und wirken wie Aquarell-Malerei. \u201eIch benutze [&hellip;]<\/p>\n","protected":false},"author":5,"featured_media":9602,"comment_status":"open","ping_status":"closed","template":"","meta":{"_et_pb_use_builder":"on","_et_pb_old_content":"","_et_gb_content_width":"","_monsterinsights_skip_tracking":false,"_monsterinsights_sitenote_active":false,"_monsterinsights_sitenote_note":"","_monsterinsights_sitenote_category":0,"footnotes":""},"project_category":[64],"project_tag":[],"class_list":["post-4708","project","type-project","status-publish","has-post-thumbnail","hentry","project_category-fotografie"],"_links":{"self":[{"href":"https:\/\/www.galerie-kunststuecke-muenchen.de\/index.php?rest_route=\/wp\/v2\/project\/4708","targetHints":{"allow":["GET"]}}],"collection":[{"href":"https:\/\/www.galerie-kunststuecke-muenchen.de\/index.php?rest_route=\/wp\/v2\/project"}],"about":[{"href":"https:\/\/www.galerie-kunststuecke-muenchen.de\/index.php?rest_route=\/wp\/v2\/types\/project"}],"author":[{"embeddable":true,"href":"https:\/\/www.galerie-kunststuecke-muenchen.de\/index.php?rest_route=\/wp\/v2\/users\/5"}],"replies":[{"embeddable":true,"href":"https:\/\/www.galerie-kunststuecke-muenchen.de\/index.php?rest_route=%2Fwp%2Fv2%2Fcomments&post=4708"}],"version-history":[{"count":32,"href":"https:\/\/www.galerie-kunststuecke-muenchen.de\/index.php?rest_route=\/wp\/v2\/project\/4708\/revisions"}],"predecessor-version":[{"id":9603,"href":"https:\/\/www.galerie-kunststuecke-muenchen.de\/index.php?rest_route=\/wp\/v2\/project\/4708\/revisions\/9603"}],"wp:featuredmedia":[{"embeddable":true,"href":"https:\/\/www.galerie-kunststuecke-muenchen.de\/index.php?rest_route=\/wp\/v2\/media\/9602"}],"wp:attachment":[{"href":"https:\/\/www.galerie-kunststuecke-muenchen.de\/index.php?rest_route=%2Fwp%2Fv2%2Fmedia&parent=4708"}],"wp:term":[{"taxonomy":"project_category","embeddable":true,"href":"https:\/\/www.galerie-kunststuecke-muenchen.de\/index.php?rest_route=%2Fwp%2Fv2%2Fproject_category&post=4708"},{"taxonomy":"project_tag","embeddable":true,"href":"https:\/\/www.galerie-kunststuecke-muenchen.de\/index.php?rest_route=%2Fwp%2Fv2%2Fproject_tag&post=4708"}],"curies":[{"name":"wp","href":"https:\/\/api.w.org\/{rel}","templated":true}]}}