{"id":6764,"date":"2017-06-20T07:09:00","date_gmt":"2017-06-20T07:09:00","guid":{"rendered":"https:\/\/www.galerie-kunststuecke-muenchen.de\/?post_type=project&#038;p=6764"},"modified":"2026-04-21T17:29:54","modified_gmt":"2026-04-21T17:29:54","slug":"hannah-schmider","status":"publish","type":"project","link":"https:\/\/www.galerie-kunststuecke-muenchen.de\/?project=hannah-schmider","title":{"rendered":"HANNAH SCHMIDER"},"content":{"rendered":"<p>[et_pb_section fb_built=&#8220;1&#8243; _builder_version=&#8220;4.16&#8243; global_colors_info=&#8220;{}&#8220;][et_pb_row column_structure=&#8220;1_2,1_2&#8243; _builder_version=&#8220;4.16&#8243; background_size=&#8220;initial&#8220; background_position=&#8220;top_left&#8220; background_repeat=&#8220;repeat&#8220; global_colors_info=&#8220;{}&#8220;][et_pb_column type=&#8220;1_2&#8243; _builder_version=&#8220;4.16&#8243; custom_padding=&#8220;|||&#8220; global_colors_info=&#8220;{}&#8220; custom_padding__hover=&#8220;|||&#8220;][et_pb_image src=&#8220;https:\/\/www.galerie-kunststuecke-muenchen.de\/wp-content\/uploads\/2021\/10\/LS-21033P-0589.jpg&#8220; title_text=&#8220;LS-21033P-0589&#8243; align_tablet=&#8220;center&#8220; align_phone=&#8220;&#8220; align_last_edited=&#8220;on|desktop&#8220; _builder_version=&#8220;4.16&#8243; animation_style=&#8220;slide&#8220; animation_direction=&#8220;left&#8220; animation_duration=&#8220;500ms&#8220; animation_intensity_slide=&#8220;10%&#8220; sticky=&#8220;off&#8220; border_style=&#8220;solid&#8220; always_center_on_mobile=&#8220;on&#8220; global_colors_info=&#8220;{}&#8220;][\/et_pb_image][et_pb_image src=&#8220;https:\/\/www.galerie-kunststuecke-muenchen.de\/wp-content\/uploads\/2021\/10\/LS-21033P-0750.jpg&#8220; title_text=&#8220;LS-21033P-0750&#8243; _builder_version=&#8220;4.16&#8243; _module_preset=&#8220;default&#8220; global_colors_info=&#8220;{}&#8220;][\/et_pb_image][et_pb_image src=&#8220;https:\/\/www.galerie-kunststuecke-muenchen.de\/wp-content\/uploads\/2021\/10\/LS-21033P-0546.jpg&#8220; title_text=&#8220;LS-21033P-0546&#8243; _builder_version=&#8220;4.16&#8243; _module_preset=&#8220;default&#8220; global_colors_info=&#8220;{}&#8220;][\/et_pb_image][et_pb_image src=&#8220;https:\/\/www.galerie-kunststuecke-muenchen.de\/wp-content\/uploads\/2022\/07\/IMG-20220714-WA0020.jpg&#8220; title_text=&#8220;IMG-20220714-WA0020&#8243; _builder_version=&#8220;4.17.4&#8243; _module_preset=&#8220;default&#8220; global_colors_info=&#8220;{}&#8220;][\/et_pb_image][et_pb_image src=&#8220;https:\/\/www.galerie-kunststuecke-muenchen.de\/wp-content\/uploads\/2025\/10\/ziesel-side-2-scaled.jpg&#8220; title_text=&#8220;ziesel side 2&#8243; _builder_version=&#8220;4.22.2&#8243; _module_preset=&#8220;default&#8220; global_colors_info=&#8220;{}&#8220;][\/et_pb_image][et_pb_image src=&#8220;https:\/\/www.galerie-kunststuecke-muenchen.de\/wp-content\/uploads\/2025\/10\/Serie-HundertHunde-Pudel-52x10x10cm.jpg&#8220; title_text=&#8220;Serie HundertHunde &#8211; Pudel 52x10x10cm&#8220; _builder_version=&#8220;4.22.2&#8243; _module_preset=&#8220;default&#8220; global_colors_info=&#8220;{}&#8220;][\/et_pb_image][et_pb_divider show_divider=&#8220;off&#8220; _builder_version=&#8220;4.22.2&#8243; _module_preset=&#8220;default&#8220; custom_padding=&#8220;||24px|||&#8220; global_colors_info=&#8220;{}&#8220;][\/et_pb_divider][et_pb_text _builder_version=&#8220;4.22.2&#8243; _module_preset=&#8220;default&#8220; global_colors_info=&#8220;{}&#8220;]<\/p>\n<p>Einblick in die Werkstatt von Hannah Schmider: work in progress, eine Skulptur aus der Serie DoggyStyles &#8211; Pudel , Lindenholz coloriert, sowie die fertige Figur, die ab Oktober 2025 in der Galerie Kunstst\u00fccke zu sehen sein wird.<\/p>\n<p>[\/et_pb_text][\/et_pb_column][et_pb_column type=&#8220;1_2&#8243; _builder_version=&#8220;4.16&#8243; custom_padding=&#8220;|||&#8220; global_colors_info=&#8220;{}&#8220; custom_padding__hover=&#8220;|||&#8220;][et_pb_text _builder_version=&#8220;4.16&#8243; border_style=&#8220;solid&#8220; global_colors_info=&#8220;{}&#8220;]<\/p>\n<h1>HANNAH SCHMIDER<\/h1>\n<p>Aufgewachsen zwischen Waldrand und Ammersee hat Hannah Schmider nicht nur die Faszination von nat\u00fcrlichen Materialien wie Holz und Ton entdeckt, sondern auch ein Interesse an den vielfachen Formensprachen von Mensch und Tier entwickelt. Als Bildhauerin, die ihr Handwerk zun\u00e4chst in Garmisch-Partenkirchen erlernt und an der Hochschule f\u00fcr Bildende Kunst Dresden weiterentwickelt hat, folgt sie dabei keinem reinen Naturalismus, sondern zielt durch subtile Reduktion auf den inneren Kern ihrer Figuren. Im Zentrum ihrer Arbeit steht stets die immaterielle Gef\u00fchlswelt, die sich in ihrer Form offenbart.<\/p>\n<p>Deutlich stellen ihre Skulpturen die Spuren der bildhauerischen Bearbeitung zur Schau. Mit ihrer feinen, aber auch rohen Anmutung offenbaren sie dem Betrachter ihre Herkunft aus dem jeweiligen Arbeitsmaterial. Besonders gerne arbeitet sie mit Lindenholz. \u201eHolz duftet und atmet, es ist lebendig. Diese innewohnende St\u00e4rke und Kraft \u00fcbertr\u00e4gt sich auf meine Figuren\u201c, sagt Schmider. Aus dem Zusammenspiel von Holzstruktur und Schnittf\u00fchrung entwickelt Schmider Oberfl\u00e4chen, die dem Betrachter verschiedenste Stofflichkeiten suggerieren: Der weiche Flaum w\u00e4rmender Vogelfedern, das zottelige Fell eines Eisb\u00e4ren oder der elegante Wintermantel einer Frau. Mittels einer lasierenden Kolorierung, welche die Struktur des Holzes durchscheinen l\u00e4sst, verst\u00e4rkt Schmider diesen Effekt.<\/p>\n<p>\u201eAuch nach dem Farbauftrag arbeite ich noch weiter an der Form. Beim Holz ist es nat\u00fcrlich immer ein Wegnehmen. Manchmal koloriere ich nach, manchmal lasse ich die Bearbeitung unkoloriert stehen. Ein Gef\u00fchl der Zufriedenheit zeigt mir, wann ich fertig bin, wann die Skulptur im Gleichgewicht ist.\u201c<\/p>\n<p>Die Skulpturen erhalten so nicht nur eine unmittelbare Lebendigkeit und ruhige Kraft, sie wirken auch auf mehreren Ebenen wie in einer konkreten Situation \u00fcberrascht &#8211; eine Momentaufnahme der Bewegung im Raum, des \u00dcbergangs von bildhauerischer Bearbeitung zur Verk\u00f6rperung lebendiger Natur.<\/p>\n<p>Neben Einzelskulpturen fertigt Schmider auch Zyklen. Mit den \u201eKompagnons\u201c widmet sie sich der Beziehung zwischen Mensch und Tier, die seitens des Menschen gepr\u00e4gt ist von Sehns\u00fcchten, W\u00fcnschen und gef\u00fchlten Wesensverwandtschaften. Tiere r\u00fchren uns, geben als Gef\u00e4hrten Kraft und Vertrauen, erfordern F\u00fcrsorge und schenken einen bereichernden, ungew\u00f6hnlichen Blick auf die Welt. Schmiders Paare aus Menschen und totemartigen Tieren hinterfragen diese Wechselbeziehungen und erlauben dem Betrachter, sich als teilnehmender Beobachter in dieses Verh\u00e4ltnis einzuf\u00fchlen.<\/p>\n<p>Auch in ihrem Zyklus \u201eGedankeng\u00e4nge\u201c gibt Schmider dem Unsichtbaren, Nicht-Physischen eine skulpturale Form. Als durchl\u00f6cherte K\u00f6rper wachsen Gedanken aus den Figuren, greifen in den umgebenden Raum aus, \u00f6ffnen sich zur Welt und hin zum Betrachter. Besonders die fein gearbeiteten Gesichter geben Pers\u00f6nlichkeit und Haltung der Figuren Ausdruck.<\/p>\n<p>Schmiders Skulpturen bleiben nie Stereotypen. Es sind bis ins kleinste Format, h\u00f6chst individuelle Charaktere, die mutig ihre innersten Befindlichkeiten, ihre W\u00fcnsche und \u00c4ngste, Wut und Trauer, Lebensfreunde und Liebe dem Betrachter wie einem guten Freund anvertrauen. Auf diese Weise wirken sie zugleich zerbrechlich und stark.<\/p>\n<p>[\/et_pb_text][et_pb_blurb title=&#8220;STATIONEN&#8220; image_icon_width=&#8220;none&#8220; _builder_version=&#8220;4.17.4&#8243; border_style=&#8220;solid&#8220; image_max_width=&#8220;none&#8220; global_colors_info=&#8220;{}&#8220;]<\/p>\n<ul>\n<li>1985 geboren in Starnberg\n<\/li>\n<li>2007-2010 Ausbildung zur Holzbildhauerin an der Schule f\u00fcr Holz und Gestaltung in Garmisch-Partenkirchen bei Michael von Brentano und Herbert Nauderer<\/li>\n<li>2010 Gesellenbrief Holzbildhauerei<\/li>\n<li>2011-2015 Studium an der Hochschule f\u00fcr bildende K\u00fcnste in Dresden bei Prof. Ulrich Ei\u00dfner<\/li>\n<li>2015 Diplom Theaterplastikerin<\/li>\n<li>Mitglied im Bund Offenbacher K\u00fcnstler BOK<\/li>\n<li>\u00a0Lebt und arbeitet in Rumpenheim\/Offenbach am Main<\/li>\n<\/ul>\n<p>[\/et_pb_blurb][et_pb_blurb title=&#8220;AUSZEICHNUNGEN\/STIPENDIEN&#8220; image_icon_width=&#8220;none&#8220; _builder_version=&#8220;4.17.4&#8243; border_style=&#8220;solid&#8220; image_max_width=&#8220;none&#8220; global_colors_info=&#8220;{}&#8220;]<\/p>\n<p><strong>\u00a0<\/strong><\/p>\n<p><strong>2022<\/strong><\/p>\n<ul>\n<li><em>&#8222;NEUGIERIG AUF MORGEN&#8220;<\/em><span>\u00a0Europ\u00e4ischer Gestaltungspreis 2022 f\u00fcr Holzbildhauer*innen<\/span><\/li>\n<li>Preistr\u00e4gerin des Ruth-Leibnitz-Preises mit der Skulptur<i> &#8222;Gef\u00e4hrten&#8220; (Eisb\u00e4r)<\/i><\/li>\n<\/ul>\n<p><strong>2021<\/strong><\/p>\n<ul>\n<li>\u00a0Br\u00fcckenstipendium- Hessische KulturstiftungStipendium f\u00fcr Solo-Selbstst\u00e4ndige in Kunst und Kultur der Stadt Offenbach<\/li>\n<li><span style=\"font-size: 14px;\">Katalogf\u00f6rderung durch das Hessische Ministerium f\u00fcr Wissenschaft und Kunst<\/span><\/li>\n<li>\u00a0<span style=\"font-size: 14px;\">Aufnahme der Eisb\u00e4r-Figur &#8222;Gef\u00e4hrten&#8220; (siehe links) in die <\/span>Shortlist des &#8222;Europ\u00e4ischen <span style=\"font-size: 14px;\">Gestaltungspreis f\u00fcr Holzbildhauer 2022&#8243;<br \/><\/span><strong><strong><br \/><\/strong><\/strong><strong>2020<\/strong><\/li>\n<li>Projektstipendium Kulturstiftung Hessen &#8211; &#8222;Hessen innovativ neu er\u00f6ffnen&#8220;<\/li>\n<li>\u00a0<span style=\"font-size: 14px;\">Arbeitsstipendium Kulturstiftung Hessen \u2013 \u201e\u00dcbergang meistern\u201c<\/span><\/li>\n<li>\u00a0G<span style=\"font-size: 14px;\">alerie Kunstreich Kempten \u2013 artig Kunstpreis (shortlist)<br \/><\/span><span style=\"font-size: 14px;\"><br \/><\/span><strong>2013<\/strong><\/li>\n<li><strong><\/strong><span style=\"font-size: 14px;\">Europ\u00e4ischer Gestaltungspreis f\u00fcr Holzbildhauer 2013, 2.Preis Kategorie Nachwuchsbildhauer<\/span><\/li>\n<\/ul>\n<p>[\/et_pb_blurb][et_pb_image src=&#8220;https:\/\/www.galerie-kunststuecke-muenchen.de\/wp-content\/uploads\/2025\/08\/klappflyer_PraegendeZeiten_2_1-Kopie.jpg&#8220; title_text=&#8220;klappflyer_PraegendeZeiten_2_1 &#8211; Kopie&#8220; _builder_version=&#8220;4.22.2&#8243; _module_preset=&#8220;default&#8220; global_colors_info=&#8220;{}&#8220;][\/et_pb_image][et_pb_image src=&#8220;https:\/\/www.galerie-kunststuecke-muenchen.de\/wp-content\/uploads\/2025\/10\/klappflyer_PraegendeZeiten_3_2-scaled.jpg&#8220; title_text=&#8220;klappflyer_PraegendeZeiten_3_2&#8243; _builder_version=&#8220;4.22.2&#8243; _module_preset=&#8220;default&#8220; global_colors_info=&#8220;{}&#8220;][\/et_pb_image][et_pb_image src=&#8220;https:\/\/www.galerie-kunststuecke-muenchen.de\/wp-content\/uploads\/2025\/08\/Pudel-front-1.jpg&#8220; title_text=&#8220;Pudel front 1&#8243; _builder_version=&#8220;4.22.2&#8243; _module_preset=&#8220;default&#8220; custom_padding=&#8220;114px|||||&#8220; global_colors_info=&#8220;{}&#8220;][\/et_pb_image][et_pb_blurb image_icon_width=&#8220;none&#8220; _builder_version=&#8220;4.16&#8243; border_style=&#8220;solid&#8220; image_max_width=&#8220;none&#8220; global_colors_info=&#8220;{}&#8220;][\/et_pb_blurb][\/et_pb_column][\/et_pb_row][et_pb_row _builder_version=&#8220;4.22.2&#8243; background_size=&#8220;initial&#8220; background_position=&#8220;top_left&#8220; background_repeat=&#8220;repeat&#8220; hover_enabled=&#8220;0&#8243; global_colors_info=&#8220;{}&#8220; sticky_enabled=&#8220;0&#8243;][et_pb_column type=&#8220;4_4&#8243; _builder_version=&#8220;4.16&#8243; custom_padding=&#8220;|||&#8220; global_colors_info=&#8220;{}&#8220; custom_padding__hover=&#8220;|||&#8220;][et_pb_gallery gallery_ids=&#8220;10495,10494,10493,10496,10105,10103,7612,10101,9991,10011,10013,10014,10102,9992,10010,10008,7613,10075,10069,10070,10073,10082,10089,10091,10097,10096,10099,10098,10182,10181&#8243; posts_number=&#8220;40&#8243; show_title_and_caption=&#8220;off&#8220; show_pagination=&#8220;off&#8220; _builder_version=&#8220;4.22.2&#8243; hover_enabled=&#8220;0&#8243; border_style=&#8220;solid&#8220; global_colors_info=&#8220;{}&#8220; sticky_enabled=&#8220;0&#8243;][\/et_pb_gallery][\/et_pb_column][\/et_pb_row][\/et_pb_section]<\/p>\n","protected":false},"excerpt":{"rendered":"<p>Einblick in die Werkstatt von Hannah Schmider: work in progress, eine Skulptur aus der Serie DoggyStyles &#8211; Pudel , Lindenholz coloriert, sowie die fertige Figur, die ab Oktober 2025 in der Galerie Kunstst\u00fccke zu sehen sein wird.HANNAH SCHMIDER Aufgewachsen zwischen Waldrand und Ammersee hat Hannah Schmider nicht nur die Faszination von nat\u00fcrlichen Materialien wie Holz [&hellip;]<\/p>\n","protected":false},"author":5,"featured_media":6740,"comment_status":"open","ping_status":"closed","template":"","meta":{"_et_pb_use_builder":"on","_et_pb_old_content":"","_et_gb_content_width":"","_monsterinsights_skip_tracking":false,"_monsterinsights_sitenote_active":false,"_monsterinsights_sitenote_note":"","_monsterinsights_sitenote_category":0,"footnotes":""},"project_category":[33],"project_tag":[],"class_list":["post-6764","project","type-project","status-publish","has-post-thumbnail","hentry","project_category-holzskulpturen"],"_links":{"self":[{"href":"https:\/\/www.galerie-kunststuecke-muenchen.de\/index.php?rest_route=\/wp\/v2\/project\/6764","targetHints":{"allow":["GET"]}}],"collection":[{"href":"https:\/\/www.galerie-kunststuecke-muenchen.de\/index.php?rest_route=\/wp\/v2\/project"}],"about":[{"href":"https:\/\/www.galerie-kunststuecke-muenchen.de\/index.php?rest_route=\/wp\/v2\/types\/project"}],"author":[{"embeddable":true,"href":"https:\/\/www.galerie-kunststuecke-muenchen.de\/index.php?rest_route=\/wp\/v2\/users\/5"}],"replies":[{"embeddable":true,"href":"https:\/\/www.galerie-kunststuecke-muenchen.de\/index.php?rest_route=%2Fwp%2Fv2%2Fcomments&post=6764"}],"version-history":[{"count":35,"href":"https:\/\/www.galerie-kunststuecke-muenchen.de\/index.php?rest_route=\/wp\/v2\/project\/6764\/revisions"}],"predecessor-version":[{"id":10499,"href":"https:\/\/www.galerie-kunststuecke-muenchen.de\/index.php?rest_route=\/wp\/v2\/project\/6764\/revisions\/10499"}],"wp:featuredmedia":[{"embeddable":true,"href":"https:\/\/www.galerie-kunststuecke-muenchen.de\/index.php?rest_route=\/wp\/v2\/media\/6740"}],"wp:attachment":[{"href":"https:\/\/www.galerie-kunststuecke-muenchen.de\/index.php?rest_route=%2Fwp%2Fv2%2Fmedia&parent=6764"}],"wp:term":[{"taxonomy":"project_category","embeddable":true,"href":"https:\/\/www.galerie-kunststuecke-muenchen.de\/index.php?rest_route=%2Fwp%2Fv2%2Fproject_category&post=6764"},{"taxonomy":"project_tag","embeddable":true,"href":"https:\/\/www.galerie-kunststuecke-muenchen.de\/index.php?rest_route=%2Fwp%2Fv2%2Fproject_tag&post=6764"}],"curies":[{"name":"wp","href":"https:\/\/api.w.org\/{rel}","templated":true}]}}